{"id":1185,"date":"2016-11-29T11:59:45","date_gmt":"2016-11-29T11:59:45","guid":{"rendered":"https:\/\/arthub.vn\/?page_id=1137"},"modified":"2016-11-29T11:59:45","modified_gmt":"2016-11-29T11:59:45","slug":"schedule-table","status":"publish","type":"page","link":"https:\/\/arthub.vn\/index.php\/schedule-table\/","title":{"rendered":"Schedule &#8211; Table"},"content":{"rendered":"<div class=\"wpb-content-wrapper\"><div id=\"schedule\" class=\"vc_row wpb_row vc_row-fluid et-vc-custom-styling-vc_row\"><div class=\"wpb_column vc_column_container vc_col-sm-12 et-vc-custom-styling-vc_column\"><div class=\"vc_column-inner vc_custom_1454533604205\"><div class=\"wpb_wrapper\"><div class=\"et-schedules-container  \"><div class=\"first_line \" ><\/div>\n                             <div class=\"first_title\">\n                             <p class=\"\" >\n                             Schedule\n                             <\/p>\n                             <\/div>\n                             <div class=\"first_description\">\n                             <p class=\"\" >\n                             21th\u201324th of march 2021 | Main Conference Hall, New York, 180\/2<br \/>\nAs always, the Design Days Conference supports social networking to maintain the constant high quality level in serving the conference participants and the Design Society community.\n                             <\/p>\n                             <\/div><div class=\"schedule_table_inner\"><a href=\"#accordion_1_1\" data-toggle=\"collapse\" class=\"\" aria-expanded=\"true\"><div class=\"schedule_table_header \"><div class=\"schedule_table_header_data\"><p class=\"day\">21<\/p> <p class=\"month\">Th\u00e1ng Ba<\/p><\/div>\n                         <div class=\"schedule_table_header_title\">\n                             <p>Ng\u00e0y 1<\/p>\n                         <\/div>\n                         <div class=\"clear\"><\/div>\n                     <\/div><\/a><div class=\"collapse in\" id=\"accordion_1_1\" aria-expanded=\"true\"><div class=\"schedule_table\" ><div class=\"accordion-panel-toggle\" href=\"#et_entry_27_1_1_1\" data-parent=\"#accordion_1_1\" data-toggle=\"collapse\"><div class=\"tablesize_small\"><div class=\"schedule_table_time\">\n                            <p>9:00-9:30 a.m.<\/p>\n                        <\/div><div class=\"schedule_table_title\">\n                            <p class=\"table_title\">Khung th\u1eddi gian \u0111\u1ebfn (linh ho\u1ea1t)<\/p>\n                            <p class=\"table_excerpt\">\u0110\u00f3n kh\u00e1ch t\u1ea1i s\u00e2n bay \/ ga t\u00e0u (\u0111\u01b0\u1ee3c s\u1eafp x\u1ebfp theo l\u1ecbch tr\u00ecnh \u0111\u1ebfn c\u1ee7a kh\u00e1ch).<\/p>\n                        <\/div><div class=\"schedule_table_venue\"><p>S\u00e2n bay Ph\u00fa B\u00e0i<\/p><\/div><div class=\"schedule_table_speaker\"><div class=\"clear\"><\/div><\/div><div class=\"clear\"><\/div><\/div><\/div><\/div><div id=\"et_entry_27_1_1_1\" class=\"panel-collapse collapse schedule_table_details\"><p>Xe ri\u00eang \u0111\u01b0a v\u1ec1 kh\u00e1ch s\u1ea1n\nNh\u1eadn ph\u00f2ng v\u00e0 ngh\u1ec9 ng\u01a1i<\/p><\/div><div class=\"schedule_table\" ><div class=\"accordion-panel-toggle\" href=\"#et_entry_27_1_1_2\" data-parent=\"#accordion_1_2\" data-toggle=\"collapse\"><div class=\"tablesize\"><div class=\"schedule_table_time\">\n                            <p>14:30 - 15:00<\/p>\n                        <\/div><div class=\"schedule_table_title\">\n                            <p class=\"table_title\">Di chuy\u1ec3n \u0111\u1ebfn 25 L\u00ea L\u1ee3i<\/p>\n                            <p class=\"table_excerpt\"><\/p>\n                        <\/div><div class=\"schedule_table_venue\"><p>Kh\u00f4ng gian v\u0103n ho\u00e1 v\u00e0 \u0110\u1ed1i tho\u1ea1i - 25 L\u00ea L\u1ee3i<\/p><\/div><div class=\"schedule_table_speaker\"><div class=\"clear\"><\/div><\/div><div class=\"clear\"><\/div><\/div><\/div><\/div><div id=\"et_entry_27_1_1_2\" class=\"panel-collapse collapse schedule_table_details\"><p>Xe \u0111\u00f3n t\u1eeb kh\u00e1ch s\u1ea1n di chuy\u1ec3n \u0111\u1ebfn Kh\u00f4ng gian v\u0103n ho\u00e1 v\u00e0 \u0110\u1ed1i tho\u1ea1i - 25 L\u00ea L\u1ee3i - V\u0103n ph\u00f2ng c\u1ee7a HACW.<\/p><\/div><div class=\"schedule_table\" ><div class=\"accordion-panel-toggle\" href=\"#et_entry_27_1_1_3\" data-parent=\"#accordion_1_3\" data-toggle=\"collapse\"><div class=\"tablesize_big\"><div class=\"schedule_table_time\">\n                            <p>15:00 - 16:30<\/p>\n                        <\/div><div class=\"schedule_table_title\">\n                            <p class=\"table_title\">G\u1eb7p g\u1ee1 V\u0103n h\u00f3a &amp; Tr\u00e0 \u0111\u00e0m<\/p>\n                            <p class=\"table_excerpt\">Kh\u00e1ch m\u1eddi: TS. Tr\u1ea7n \u0110\u00ecnh H\u1eb1ng \u2013 Nh\u00e0 nghi\u00ean c\u1ee9u v\u0103n h\u00f3a Hu\u1ebf<\/p>\n                        <\/div><div class=\"schedule_table_venue\"><p>Kh\u00f4ng gian v\u0103n ho\u00e1 v\u00e0 \u0110\u1ed1i tho\u1ea1i - 25 L\u00ea L\u1ee3i<\/p><\/div><div class=\"schedule_table_speaker\"><div class=\"schedule_table_icon\"><div class=\"eventime-speaker-avatar-wrapper\"><img decoding=\"async\" class=\"eventime-speaker-avatar\" src=\"https:\/\/arthub.vn\/wp-content\/uploads\/2016\/05\/person-150x150.jpg\"><\/div><span class=\"eventime-speaker-name\">Anna Yong<\/span><\/div><div class=\"schedule_table_icon\"><div class=\"eventime-speaker-avatar-wrapper\"><img decoding=\"async\" class=\"eventime-speaker-avatar\" src=\"https:\/\/arthub.vn\/wp-content\/uploads\/2016\/02\/oscar_w-1-150x150.jpg\"><\/div><span class=\"eventime-speaker-name\">Oscar Wideln<\/span><\/div><div class=\"clear\"><\/div><\/div><div class=\"clear\"><\/div><\/div><\/div><\/div><div id=\"et_entry_27_1_1_3\" class=\"panel-collapse collapse schedule_table_details\"><p>\u2022 Phi\u00ean ch\u00e0o m\u1eebng\n\u2022 Tr\u00f2 chuy\u1ec7n v\u0103n h\u00f3a b\u00ean t\u00e1ch tr\u00e0 truy\u1ec1n th\u1ed1ng\n\u2022 Gi\u1edbi thi\u1ec7u ch\u1ee7 \u0111\u1ec1 v\u00e0 tinh th\u1ea7n c\u1ee7a h\u00e0nh tr\u00ecnh<\/p><\/div><div class=\"schedule_table\" ><div class=\"accordion-panel-toggle\" href=\"#et_entry_27_1_1_4\" data-parent=\"#accordion_1_4\" data-toggle=\"collapse\"><div class=\"tablesize_small\"><div class=\"schedule_table_time\">\n                            <p>16:30 - 17:00<\/p>\n                        <\/div><div class=\"schedule_table_title\">\n                            <p class=\"table_title\">Networking &amp; informal discussion<\/p>\n                            <p class=\"table_excerpt\"><\/p>\n                        <\/div><div class=\"schedule_table_venue\"><p>Summer Cafe<\/p><\/div><div class=\"schedule_table_speaker\"><div class=\"clear\"><\/div><\/div><div class=\"clear\"><\/div><\/div><\/div><\/div><div><\/div><div class=\"schedule_table phototable\" style=\"background: url(https:\/\/arthub.vn\/wp-content\/uploads\/2016\/02\/countdown_bg-1-1600x225.jpg);\"><div class=\"accordion-panel-toggle\" href=\"#et_entry_27_1_1_5\" data-parent=\"#accordion_1_5\" data-toggle=\"collapse\"><div class=\"tablesize\"><div class=\"schedule_table_time\">\n                            <p>Evening<\/p>\n                        <\/div><div class=\"schedule_table_title\">\n                            <p class=\"table_title\">Free exploration of Hue Old Town<\/p>\n                            <p class=\"table_excerpt\">Optional dinner recommendations curated by host<\/p>\n                        <\/div><div class=\"schedule_table_venue\"><p>Hue Old Town<\/p><\/div><div class=\"schedule_table_speaker\"><div class=\"schedule_table_icon\"><div class=\"eventime-speaker-avatar-wrapper\"><img decoding=\"async\" class=\"eventime-speaker-avatar\" src=\"https:\/\/arthub.vn\/wp-content\/uploads\/2016\/05\/person2-150x150.jpg\"><\/div><span class=\"eventime-speaker-name\">Gerald Rednes<\/span><\/div><div class=\"clear\"><\/div><\/div><div class=\"clear\"><\/div><\/div><\/div><\/div><div><\/div><\/div><\/div><div class=\"schedule_table_inner\"><a href=\"#accordion_1_2\" data-toggle=\"collapse\" class=\"collapsed\" aria-expanded=\"false\"><div class=\"schedule_table_header \"><div class=\"schedule_table_header_data\"><p class=\"day\">22<\/p> <p class=\"month\">Th\u00e1ng Ba<\/p><\/div>\n                         <div class=\"schedule_table_header_title\">\n                             <p>Ng\u00e0y 2<\/p>\n                         <\/div>\n                         <div class=\"clear\"><\/div>\n                     <\/div><\/a><div class=\"collapse \" id=\"accordion_1_2\" aria-expanded=\"false\"><div class=\"schedule_table phototable\" style=\"background: url(https:\/\/arthub.vn\/wp-content\/uploads\/2016\/05\/eventime_slider_main_3-1600x225.jpg);\"><div class=\"accordion-panel-toggle\" href=\"#et_entry_27_1_2_1\" data-parent=\"#accordion_1_1\" data-toggle=\"collapse\"><div class=\"tablesize\"><div class=\"schedule_table_time\">\n                            <p>9:30-11:30 a.m.<\/p>\n                        <\/div><div class=\"schedule_table_title\">\n                            <p class=\"table_title\">Strating Workshops - Basic designs goods<\/p>\n                            <p class=\"table_excerpt\">John Doe - CEO, Typocorp<\/p>\n                        <\/div><div class=\"schedule_table_venue\"><p>Red Hall<\/p><\/div><div class=\"schedule_table_speaker\"><div class=\"schedule_table_icon\"><div class=\"eventime-speaker-avatar-wrapper\"><img decoding=\"async\" class=\"eventime-speaker-avatar\" src=\"https:\/\/arthub.vn\/wp-content\/uploads\/2016\/02\/oscar_w-1-150x150.jpg\"><\/div><span class=\"eventime-speaker-name\">Oscar Wideln<\/span><\/div><div class=\"schedule_table_icon\"><div class=\"eventime-speaker-avatar-wrapper\"><img decoding=\"async\" class=\"eventime-speaker-avatar\" src=\"https:\/\/arthub.vn\/wp-content\/uploads\/2016\/02\/jack_d-1-150x150.jpg\"><\/div><span class=\"eventime-speaker-name\">Jack Daniels<\/span><\/div><div class=\"clear\"><\/div><\/div><div class=\"clear\"><\/div><\/div><\/div><\/div><div id=\"et_entry_27_1_2_1\" class=\"panel-collapse collapse schedule_table_details\"><p>Workshops - By tradition workshop sessions at Design days conference aim to bring together users and experts in interactive, half-day sessions elaborating specific topics. DESIGN 2021 workshops will be organised to promote integration of different views, approaches and methods. Workshop coordinators could invite selected presentations and demonstrations in order to stimulate the debate as well as to propose any format of delivery that inspires interaction.\n\n<\/p><\/div><div class=\"schedule_table\" ><div class=\"accordion-panel-toggle\" href=\"#et_entry_27_1_2_2\" data-parent=\"#accordion_1_2\" data-toggle=\"collapse\"><div class=\"tablesize_small\"><div class=\"schedule_table_time\">\n                            <p>11:30-12:30 a.m.<\/p>\n                        <\/div><div class=\"schedule_table_title\">\n                            <p class=\"table_title\">Coffee break<\/p>\n                            <p class=\"table_excerpt\"><\/p>\n                        <\/div><div class=\"schedule_table_venue\"><p>Summer Caffe<\/p><\/div><div class=\"schedule_table_speaker\"><div class=\"clear\"><\/div><\/div><div class=\"clear\"><\/div><\/div><\/div><\/div><div><\/div><div class=\"schedule_table\" ><div class=\"accordion-panel-toggle\" href=\"#et_entry_27_1_2_3\" data-parent=\"#accordion_1_3\" data-toggle=\"collapse\"><div class=\"tablesize_big\"><div class=\"schedule_table_time\">\n                            <p>12:30-4:00 p.m.<\/p>\n                        <\/div><div class=\"schedule_table_title\">\n                            <p class=\"table_title\">Debate of Responcive Web Design<\/p>\n                            <p class=\"table_excerpt\">John Yang - CEO, Webapps corp. \/ Max Jordan - CEO, Wdesign Ltd.<\/p>\n                        <\/div><div class=\"schedule_table_venue\"><p>Yellow Hall<\/p><\/div><div class=\"schedule_table_speaker\"><div class=\"schedule_table_icon\"><div class=\"eventime-speaker-avatar-wrapper\"><img decoding=\"async\" class=\"eventime-speaker-avatar\" src=\"https:\/\/arthub.vn\/wp-content\/uploads\/2016\/02\/featured_guest-1-150x150.jpg\"><\/div><span class=\"eventime-speaker-name\">Jeremy Crackevich<\/span><\/div><div class=\"clear\"><\/div><\/div><div class=\"clear\"><\/div><\/div><\/div><\/div><div id=\"et_entry_27_1_2_3\" class=\"panel-collapse collapse schedule_table_details\"><p>The purpose of debate is to investigate in a forensic manner some key topics that affect the engineering design research community. Opponents and debate moderator will be distinguished key players in the community presenting evidence for or against a particular topic. \n<\/p><\/div><div class=\"schedule_table\" ><div class=\"accordion-panel-toggle\" href=\"#et_entry_27_1_2_4\" data-parent=\"#accordion_1_4\" data-toggle=\"collapse\"><div class=\"tablesize\"><div class=\"schedule_table_time\">\n                            <p>4:00-7:00 p.m.<\/p>\n                        <\/div><div class=\"schedule_table_title\">\n                            <p class=\"table_title\">Lunch and Comedy Club Event<\/p>\n                            <p class=\"table_excerpt\">Andrew Yang, John Verkovich, Alen Draks<\/p>\n                        <\/div><div class=\"schedule_table_venue\"><p>Black Hall<\/p><\/div><div class=\"schedule_table_speaker\"><div class=\"clear\"><\/div><\/div><div class=\"clear\"><\/div><\/div><\/div><\/div><div id=\"et_entry_27_1_2_4\" class=\"panel-collapse collapse schedule_table_details\"><p>Relax time!<\/p><\/div><\/div><\/div><div class=\"schedule_table_inner\"><a href=\"#accordion_1_3\" data-toggle=\"collapse\" class=\"collapsed\" aria-expanded=\"false\"><div class=\"schedule_table_header \"><div class=\"schedule_table_header_data\"><p class=\"day\">23<\/p> <p class=\"month\">Th\u00e1ng Ba<\/p><\/div>\n                         <div class=\"schedule_table_header_title\">\n                             <p>Ng\u00e0y 3<\/p>\n                         <\/div>\n                         <div class=\"clear\"><\/div>\n                     <\/div><\/a><div class=\"collapse \" id=\"accordion_1_3\" aria-expanded=\"false\"><div class=\"schedule_table phototable\" style=\"background: url(https:\/\/arthub.vn\/wp-content\/uploads\/2016\/05\/eventime_video_cover-1600x225.jpg);\"><div class=\"accordion-panel-toggle\" href=\"#et_entry_27_1_3_1\" data-parent=\"#accordion_1_1\" data-toggle=\"collapse\"><div class=\"tablesize\"><div class=\"schedule_table_time\">\n                            <p>9:00-10:30 a.m.<\/p>\n                        <\/div><div class=\"schedule_table_title\">\n                            <p class=\"table_title\">The role of designer in service design processes<\/p>\n                            <p class=\"table_excerpt\">Jenifer Wong - Designer, Iker Comp.<\/p>\n                        <\/div><div class=\"schedule_table_venue\"><p>Yellow Hall<\/p><\/div><div class=\"schedule_table_speaker\"><div class=\"schedule_table_icon\"><div class=\"eventime-speaker-avatar-wrapper\"><img decoding=\"async\" class=\"eventime-speaker-avatar\" src=\"https:\/\/arthub.vn\/wp-content\/uploads\/2016\/02\/kate_m-1-150x150.jpg\"><\/div><span class=\"eventime-speaker-name\">Kate Mouse<\/span><\/div><div class=\"schedule_table_icon\"><div class=\"eventime-speaker-avatar-wrapper\"><img decoding=\"async\" class=\"eventime-speaker-avatar\" src=\"https:\/\/arthub.vn\/wp-content\/uploads\/2016\/02\/jenifer_d-1-150x150.jpg\"><\/div><span class=\"eventime-speaker-name\">Jenifer Modal Doe<\/span><\/div><div class=\"schedule_table_icon\"><div class=\"eventime-speaker-avatar-wrapper\"><img decoding=\"async\" class=\"eventime-speaker-avatar\" src=\"https:\/\/arthub.vn\/wp-content\/uploads\/2016\/02\/jack_d-1-150x150.jpg\"><\/div><span class=\"eventime-speaker-name\">Jack Daniels<\/span><\/div><div class=\"clear\"><\/div><\/div><div class=\"clear\"><\/div><\/div><\/div><\/div><div id=\"et_entry_27_1_3_1\" class=\"panel-collapse collapse schedule_table_details\"><p>Education as a model-designed service. E-services in the public sector. How to use the design process User Centered Design in design services?<\/p><\/div><div class=\"schedule_table\" ><div class=\"accordion-panel-toggle\" href=\"#et_entry_27_1_3_2\" data-parent=\"#accordion_1_2\" data-toggle=\"collapse\"><div class=\"tablesize_big\"><div class=\"schedule_table_time\">\n                            <p>10:30-2:00 p.m.<\/p>\n                        <\/div><div class=\"schedule_table_title\">\n                            <p class=\"table_title\">Students Design Forums<\/p>\n                            <p class=\"table_excerpt\">Spceial Guest- Mark Jacobsovich CEO, Comp Ltd.<\/p>\n                        <\/div><div class=\"schedule_table_venue\"><p>Red Hall<\/p><\/div><div class=\"schedule_table_speaker\"><div class=\"schedule_table_icon\"><div class=\"eventime-speaker-avatar-wrapper\"><img decoding=\"async\" class=\"eventime-speaker-avatar\" src=\"https:\/\/arthub.vn\/wp-content\/uploads\/2016\/02\/oscar_w-1-150x150.jpg\"><\/div><span class=\"eventime-speaker-name\">Oscar Wideln<\/span><\/div><div class=\"schedule_table_icon\"><div class=\"eventime-speaker-avatar-wrapper\"><img decoding=\"async\" class=\"eventime-speaker-avatar\" src=\"https:\/\/arthub.vn\/wp-content\/uploads\/2016\/02\/featured_guest-1-150x150.jpg\"><\/div><span class=\"eventime-speaker-name\">Jeremy Crackevich<\/span><\/div><div class=\"clear\"><\/div><\/div><div class=\"clear\"><\/div><\/div><\/div><\/div><div id=\"et_entry_27_1_3_2\" class=\"panel-collapse collapse schedule_table_details\"><p>The forum will be a unique opportunity for younger researchers and PhD students to discuss their research questions and ideas with experienced researchers, practitioners and managers in order to facilitate their research efforts. The series of grouped presentations will be used to raise the questions and stimulate debate in a round table style.<\/p><\/div><div class=\"schedule_table\" ><div class=\"accordion-panel-toggle\" href=\"#et_entry_27_1_3_3\" data-parent=\"#accordion_1_3\" data-toggle=\"collapse\"><div class=\"tablesize_small\"><div class=\"schedule_table_time\">\n                            <p>2:00-3:00 p.m.<\/p>\n                        <\/div><div class=\"schedule_table_title\">\n                            <p class=\"table_title\">Coffee break<\/p>\n                            <p class=\"table_excerpt\"><\/p>\n                        <\/div><div class=\"schedule_table_venue\"><p>Summer Cafe<\/p><\/div><div class=\"schedule_table_speaker\"><div class=\"clear\"><\/div><\/div><div class=\"clear\"><\/div><\/div><\/div><\/div><div><\/div><div class=\"schedule_table phototable\" style=\"background: url(https:\/\/arthub.vn\/wp-content\/uploads\/2016\/07\/evenitme_slider_2-1600x225.jpg);\"><div class=\"accordion-panel-toggle\" href=\"#et_entry_27_1_3_4\" data-parent=\"#accordion_1_4\" data-toggle=\"collapse\"><div class=\"tablesize_small\"><div class=\"schedule_table_time\">\n                            <p>3:00-5:00 p.m.<\/p>\n                        <\/div><div class=\"schedule_table_title\">\n                            <p class=\"table_title\">Closing of the conference<\/p>\n                            <p class=\"table_excerpt\"><\/p>\n                        <\/div><div class=\"schedule_table_venue\"><p>Black Hall<\/p><\/div><div class=\"schedule_table_speaker\"><div class=\"clear\"><\/div><\/div><div class=\"clear\"><\/div><\/div><\/div><\/div><div><\/div><\/div><\/div><div class=\"schedule_table_inner\"><a href=\"#accordion_1_4\" data-toggle=\"collapse\" class=\"collapsed\" aria-expanded=\"false\"><div class=\"schedule_table_header \"><div class=\"schedule_table_header_data\"><p class=\"day\">24<\/p> <p class=\"month\">Th\u00e1ng Ba<\/p><\/div>\n                         <div class=\"schedule_table_header_title\">\n                             <p>Ng\u00e0y 4<\/p>\n                         <\/div>\n                         <div class=\"clear\"><\/div>\n                     <\/div><\/a><div class=\"collapse \" id=\"accordion_1_4\" aria-expanded=\"false\"><div class=\"schedule_table\" ><div class=\"accordion-panel-toggle\" href=\"#et_entry_27_1_4_1\" data-parent=\"#accordion_1_1\" data-toggle=\"collapse\"><div class=\"tablesize\"><div class=\"schedule_table_time\">\n                            <p>10:30-12:00 a.m.<\/p>\n                        <\/div><div class=\"schedule_table_title\">\n                            <p class=\"table_title\">After Party - Thematic sessions<\/p>\n                            <p class=\"table_excerpt\">Design thinking, Experiences of the Centre for Information Technology in the creation of e-services for the public sector.<\/p>\n                        <\/div><div class=\"schedule_table_venue\"><p>Yellow Hall<\/p><\/div><div class=\"schedule_table_speaker\"><div class=\"schedule_table_icon\"><div class=\"eventime-speaker-avatar-wrapper\"><img decoding=\"async\" class=\"eventime-speaker-avatar\" src=\"https:\/\/arthub.vn\/wp-content\/uploads\/2016\/02\/kate_m-1-150x150.jpg\"><\/div><span class=\"eventime-speaker-name\">Kate Mouse<\/span><\/div><div class=\"clear\"><\/div><\/div><div class=\"clear\"><\/div><\/div><\/div><\/div><div id=\"et_entry_27_1_4_1\" class=\"panel-collapse collapse schedule_table_details\"><p>How to build UX in the organization or what can be gained by working with designers.\n<\/p><\/div><div class=\"schedule_table\" ><div class=\"accordion-panel-toggle\" href=\"#et_entry_27_1_4_2\" data-parent=\"#accordion_1_2\" data-toggle=\"collapse\"><div class=\"tablesize_small\"><div class=\"schedule_table_time\">\n                            <p>12:00-1:00 p.m.<\/p>\n                        <\/div><div class=\"schedule_table_title\">\n                            <p class=\"table_title\">Lunch Break<\/p>\n                            <p class=\"table_excerpt\"><\/p>\n                        <\/div><div class=\"schedule_table_venue\"><p>Red Hall<\/p><\/div><div class=\"schedule_table_speaker\"><div class=\"clear\"><\/div><\/div><div class=\"clear\"><\/div><\/div><\/div><\/div><div><\/div><div class=\"schedule_table\" ><div class=\"accordion-panel-toggle\" href=\"#et_entry_27_1_4_3\" data-parent=\"#accordion_1_3\" data-toggle=\"collapse\"><div class=\"tablesize_big\"><div class=\"schedule_table_time\">\n                            <p>1:00-4:00 p.m.<\/p>\n                        <\/div><div class=\"schedule_table_title\">\n                            <p class=\"table_title\">Expositions with Coffee breaks<\/p>\n                            <p class=\"table_excerpt\"><\/p>\n                        <\/div><div class=\"schedule_table_venue\"><p>Main Hall<\/p><\/div><div class=\"schedule_table_speaker\"><div class=\"clear\"><\/div><\/div><div class=\"clear\"><\/div><\/div><\/div><\/div><div><\/div><div class=\"schedule_table\" ><div class=\"accordion-panel-toggle\" href=\"#et_entry_27_1_4_4\" data-parent=\"#accordion_1_4\" data-toggle=\"collapse\"><div class=\"tablesize\"><div class=\"schedule_table_time\">\n                            <p>3:00-5:00 p.m.<\/p>\n                        <\/div><div class=\"schedule_table_title\">\n                            <p class=\"table_title\">Design for you! Promotion and education of service design in Design Days Project.<\/p>\n                            <p class=\"table_excerpt\"><\/p>\n                        <\/div><div class=\"schedule_table_venue\"><p>Black Hall<\/p><\/div><div class=\"schedule_table_speaker\"><div class=\"clear\"><\/div><\/div><div class=\"clear\"><\/div><\/div><\/div><\/div><div><\/div><\/div><\/div><\/div><\/div><\/div><\/div><\/div><div class=\"vc_row wpb_row vc_row-fluid et-vc-custom-styling-vc_row\"><div class=\"wpb_column vc_column_container vc_col-sm-12 et-vc-custom-styling-vc_column\"><div class=\"vc_column-inner\"><div class=\"wpb_wrapper\"><div class=\"et-row   et-apply-gradient\"><section class=\"vc_cta3-container\"><div class=\"vc_general vc_do_cta3 vc_cta3 vc_cta3-style-classic vc_cta3-shape-rounded vc_cta3-align-left vc_cta3-color-classic vc_cta3-icon-size-md vc_cta3-actions-right vc_custom_1601299734340\"><div class=\"vc_cta3_content-container\"><div class=\"vc_cta3-content\"><header class=\"vc_cta3-content-header\"><h2>Any problems?<\/h2><h4>Contact us 24 h \/ 7 days<\/h4><\/header><p>Feel free to contact our support team if you&#8217;ll need any assistance.<\/p>\n<\/div><div class=\"vc_cta3-actions\"><div class=\"vc_btn3-container  wpb_animate_when_almost_visible wpb_right-to-left right-to-left vc_btn3-inline vc_do_btn et-vc-custom-styling-vc_btn\" ><button class=\"vc_general vc_btn3 vc_btn3-size-md vc_btn3-shape-rounded vc_btn3-style-modern vc_btn3-icon-left vc_btn3-color-grey et-vc-custom-styling-vc_btn\"><i class=\"vc_btn3-icon fa fa-comment\"><\/i> Get free support<\/button><\/div><\/div><\/div><\/div><\/section><div class=\"clear\"><\/div><\/div><\/div><\/div><\/div><\/div>\n<\/div>","protected":false},"excerpt":{"rendered":"Schedule 21th\u201324th of march 2021 | Main Conference Hall, New York, 180\/2 As always, the Design Days Conference supports social networking to maintain the constant high quality level in serving the conference participants and the Design Society community. 21 Th\u00e1ng Ba Ng\u00e0y 1 9:00-9:30 a.m. Khung th\u1eddi gian \u0111\u1ebfn (linh ho\u1ea1t) \u0110\u00f3n kh\u00e1ch t\u1ea1i s\u00e2n [...]","protected":false},"author":2,"featured_media":0,"parent":0,"menu_order":0,"comment_status":"closed","ping_status":"closed","template":"fullwidth.php","meta":{"footnotes":""},"class_list":["post-1185","page","type-page","status-publish","hentry",""],"_links":{"self":[{"href":"https:\/\/arthub.vn\/index.php\/wp-json\/wp\/v2\/pages\/1185","targetHints":{"allow":["GET"]}}],"collection":[{"href":"https:\/\/arthub.vn\/index.php\/wp-json\/wp\/v2\/pages"}],"about":[{"href":"https:\/\/arthub.vn\/index.php\/wp-json\/wp\/v2\/types\/page"}],"author":[{"embeddable":true,"href":"https:\/\/arthub.vn\/index.php\/wp-json\/wp\/v2\/users\/2"}],"replies":[{"embeddable":true,"href":"https:\/\/arthub.vn\/index.php\/wp-json\/wp\/v2\/comments?post=1185"}],"version-history":[{"count":0,"href":"https:\/\/arthub.vn\/index.php\/wp-json\/wp\/v2\/pages\/1185\/revisions"}],"wp:attachment":[{"href":"https:\/\/arthub.vn\/index.php\/wp-json\/wp\/v2\/media?parent=1185"}],"curies":[{"name":"wp","href":"https:\/\/api.w.org\/{rel}","templated":true}]}}