{"id":544,"date":"2016-05-08T13:24:44","date_gmt":"2016-05-08T13:24:44","guid":{"rendered":"https:\/\/arthub.vn\/?page_id=544"},"modified":"2026-03-07T15:16:44","modified_gmt":"2026-03-07T15:16:44","slug":"schedule-default","status":"publish","type":"page","link":"https:\/\/arthub.vn\/index.php\/schedule-default\/","title":{"rendered":"Schedule &#8211; Default"},"content":{"rendered":"<div class=\"wpb-content-wrapper\"><div id=\"schedule\" class=\"vc_row wpb_row vc_row-fluid et-vc-custom-styling-vc_row\"><div class=\"wpb_column vc_column_container vc_col-sm-12 et-vc-custom-styling-vc_column\"><div class=\"vc_column-inner vc_custom_1454533604205\"><div class=\"wpb_wrapper\">\n        <div class=\"et-schedules-container  \">\n        <div class=\"mini_gap\"><\/div>\n        <div class=\"first_line \" ><\/div>\n                             <div class=\"first_title\">\n                             <p class=\"\" >\n                             4 ng\u00e0y \/ 3 \u0111\u00eam - H\u00e0nh tr\u00ecnh Ngh\u1ec7 thu\u1eadt &amp; Di s\u1ea3n\n                             <\/p>\n                             <\/div>\n                             <div class=\"first_description\">\n                             <p class=\"\" >\n                             <\/p>\n<p data-start=\"0\" data-end=\"67\"><strong data-start=\"0\" data-end=\"67\">H\u00e0nh tr\u00ecnh Ngh\u1ec7 thu\u1eadt &amp; Di s\u1ea3n \u0111\u01b0\u1ee3c gi\u00e1m tuy\u1ec3n<\/strong><\/p>\n<p data-start=\"69\" data-end=\"96\"><strong data-start=\"69\" data-end=\"96\">Tr\u1ea3i nghi\u1ec7m V\u0103n h\u00f3a Hu\u1ebf<\/strong><\/p>\n<p data-start=\"98\" data-end=\"117\"><strong data-start=\"98\" data-end=\"111\">\u0110\u1ecba \u0111i\u1ec3m:<\/strong> Hu\u1ebf<\/p>\n<p data-start=\"119\" data-end=\"172\"><strong data-start=\"119\" data-end=\"133\">H\u00ecnh th\u1ee9c:<\/strong> Tr\u1ea3i nghi\u1ec7m gi\u00e1m tuy\u1ec3n theo nh\u00f3m nh\u1ecf<\/p>\n<p data-start=\"174\" data-end=\"244\" data-is-last-node=\"\" data-is-only-node=\"\"><strong data-start=\"174\" data-end=\"185\">Ch\u1ee7 \u0111\u1ec1:<\/strong> Ngh\u1ec7 thu\u1eadt \u2013 Di s\u1ea3n \u2013 Ngh\u1ec1 th\u1ee7 c\u00f4ng \u2013 \u0110\u1ea7m ph\u00e1 \u2013 Ch\u00e1nh ni\u1ec7m<\/p>\n<p>\n                             <\/p>\n                             <\/div>\n        <div id=\"sh_carousel1\" style=\"min-height: 850px;\" class=\"carousel sh_carousel slide\" data-interval=\"false\">\n        <div class=\"carousel-indicators\">\n        <div data-slide-to=\"0\" data-target=\"#sh_carousel1\" class=\" waypointAnimation animationType-fadeInLeft active btn eventime_button graybtn graytxt \">Ng\u00e0y 1<\/div><div data-slide-to=\"1\" data-target=\"#sh_carousel1\" class=\" waypointAnimation animationType-fadeInLeft  btn eventime_button graybtn graytxt \">Ng\u00e0y 2<\/div><div data-slide-to=\"2\" data-target=\"#sh_carousel1\" class=\" waypointAnimation animationType-fadeInLeft  btn eventime_button graybtn graytxt \">Ng\u00e0y 3<\/div><div data-slide-to=\"3\" data-target=\"#sh_carousel1\" class=\" waypointAnimation animationType-fadeInLeft  btn eventime_button graybtn graytxt \">Ng\u00e0y 4<\/div>\n        <\/div>\n        <div class=\"carousel-inner\">\n        <div class=\"item active\"><div class=\"schedule_date \" style=\"visibility:visible;\">21<\/div><div class=\"schedule_month \" style=\"visibility:visible;\">Th\u00e1ng Ba<\/div><div class=\"mini_gap\"><\/div><div id=\"accordion_1_1\"><div class=\"panel\" style=\"visibility: visible;\"><a href=\"#et_entry_27_1_1_1\" data-parent=\"#accordion_1_1\" data-toggle=\"collapse\"><div class=\"accordion_left\"><div class=\"accordions_titles_small\"><p class=\"accordion_date\">9:00-9:30 a.m.<\/p><\/div><\/div><div class=\"accordion_right\"><div class=\"accordions_titles_small\"><div class=\"accordion_description\"><p>Khung th\u1eddi gian \u0111\u1ebfn (linh ho\u1ea1t)<\/p><p class=\"name\">\u0110\u00f3n kh\u00e1ch t\u1ea1i s\u00e2n bay \/ ga t\u00e0u (\u0111\u01b0\u1ee3c s\u1eafp x\u1ebfp theo l\u1ecbch tr\u00ecnh \u0111\u1ebfn c\u1ee7a kh\u00e1ch).<\/p><\/div><\/div><\/div><\/a><\/div><div id=\"et_entry_27_1_1_1\" class=\"panel-collapse collapse accordion_full\"><div class=\"speakers-wrapper\"><div class=\"default_venue\" data-toggle=\"tooltip\" data-placement=\"right\" title=\"S\u00e2n bay Ph\u00fa B\u00e0i\"><\/div><\/div><p>Xe ri\u00eang \u0111\u01b0a v\u1ec1 kh\u00e1ch s\u1ea1n\nNh\u1eadn ph\u00f2ng v\u00e0 ngh\u1ec9 ng\u01a1i<\/p><div class=\"clear\"><\/div><\/div><div class=\"mini_gap\"><\/div><div class=\"panel\" style=\"visibility: visible;\"><a href=\"#et_entry_27_1_1_2\" data-parent=\"#accordion_1_2\" data-toggle=\"collapse\"><div class=\"accordion_left\"><div class=\"accordions_titles\"><p class=\"accordion_date\">14:30 - 15:00<\/p><\/div><\/div><div class=\"accordion_right\"><div class=\"accordions_titles\"><div class=\"accordion_description\"><p>Di chuy\u1ec3n \u0111\u1ebfn 25 L\u00ea L\u1ee3i<\/p><\/div><\/div><\/div><\/a><\/div><div id=\"et_entry_27_1_1_2\" class=\"panel-collapse collapse accordion_full\"><div class=\"speakers-wrapper\"><div class=\"default_venue\" data-toggle=\"tooltip\" data-placement=\"right\" title=\"Kh\u00f4ng gian v\u0103n ho\u00e1 v\u00e0 \u0110\u1ed1i tho\u1ea1i - 25 L\u00ea L\u1ee3i\"><\/div><\/div><p>Xe \u0111\u00f3n t\u1eeb kh\u00e1ch s\u1ea1n di chuy\u1ec3n \u0111\u1ebfn Kh\u00f4ng gian v\u0103n ho\u00e1 v\u00e0 \u0110\u1ed1i tho\u1ea1i - 25 L\u00ea L\u1ee3i - V\u0103n ph\u00f2ng c\u1ee7a HACW.<\/p><div class=\"clear\"><\/div><\/div><div class=\"mini_gap\"><\/div><div class=\"panel\" style=\"visibility: visible;\"><a href=\"#et_entry_27_1_1_3\" data-parent=\"#accordion_1_3\" data-toggle=\"collapse\"><div class=\"accordion_left\"><div class=\"accordions_titles_big\"><p class=\"accordion_date\">15:00 - 16:30<\/p><\/div><\/div><div class=\"accordion_right\"><div class=\"accordions_titles_big\"><div class=\"accordion_description\"><p>G\u1eb7p g\u1ee1 V\u0103n h\u00f3a &amp; Tr\u00e0 \u0111\u00e0m<\/p><p class=\"name\">Kh\u00e1ch m\u1eddi: TS. Tr\u1ea7n \u0110\u00ecnh H\u1eb1ng \u2013 Nh\u00e0 nghi\u00ean c\u1ee9u v\u0103n h\u00f3a Hu\u1ebf<\/p><\/div><\/div><\/div><\/a><\/div><div id=\"et_entry_27_1_1_3\" class=\"panel-collapse collapse accordion_full\"><div class=\"speakers-wrapper\"><img decoding=\"async\" class=\"attachment-thumbnail size-thumbnail\" src=\"https:\/\/arthub.vn\/wp-content\/uploads\/2016\/05\/person-150x150.jpg\" data-toggle=\"tooltip\"  data-placement=\"top\" title=\"Anna Yong\"><img decoding=\"async\" class=\"attachment-thumbnail size-thumbnail\" src=\"https:\/\/arthub.vn\/wp-content\/uploads\/2016\/02\/oscar_w-1-150x150.jpg\" data-toggle=\"tooltip\"  data-placement=\"top\" title=\"Oscar Wideln\"><div class=\"default_venue\" data-toggle=\"tooltip\" data-placement=\"right\" title=\"Kh\u00f4ng gian v\u0103n ho\u00e1 v\u00e0 \u0110\u1ed1i tho\u1ea1i - 25 L\u00ea L\u1ee3i\"><\/div><\/div><p>\u2022 Phi\u00ean ch\u00e0o m\u1eebng\n\u2022 Tr\u00f2 chuy\u1ec7n v\u0103n h\u00f3a b\u00ean t\u00e1ch tr\u00e0 truy\u1ec1n th\u1ed1ng\n\u2022 Gi\u1edbi thi\u1ec7u ch\u1ee7 \u0111\u1ec1 v\u00e0 tinh th\u1ea7n c\u1ee7a h\u00e0nh tr\u00ecnh<\/p><div class=\"clear\"><\/div><\/div><div class=\"mini_gap\"><\/div><div class=\"panel\" style=\"visibility: visible;\"><a href=\"#et_entry_27_1_1_4\" data-parent=\"#accordion_1_4\" data-toggle=\"collapse\"><div class=\"accordion_left\"><div class=\"accordions_titles_small\"><p class=\"accordion_date\">16:30 - 17:00<\/p><\/div><\/div><div class=\"accordion_right\"><div class=\"accordions_titles_small\"><div class=\"accordion_description\"><p>Networking &amp; informal discussion<\/p><\/div><\/div><\/div><\/a><\/div><div id=\"et_entry_27_1_1_4\" class=\"panel-collapse collapse accordion_full\"><div class=\"speakers-wrapper\"><div class=\"default_venue\" data-toggle=\"tooltip\" data-placement=\"right\" title=\"Summer Cafe\"><\/div><\/div><p><\/p><div class=\"clear\"><\/div><\/div><div class=\"mini_gap\"><\/div><div class=\"panel\" style=\"visibility: visible;\"><a href=\"#et_entry_27_1_1_5\" data-parent=\"#accordion_1_5\" data-toggle=\"collapse\"><div class=\"accordion_left\"><div class=\"accordions_titles\"><p class=\"accordion_date\">Evening<\/p><\/div><\/div><div class=\"accordion_right\"><div class=\"accordions_titles\"><div class=\"accordion_description\"><p>Free exploration of Hue Old Town<\/p><p class=\"name\">Optional dinner recommendations curated by host<\/p><\/div><\/div><\/div><\/a><\/div><div id=\"et_entry_27_1_1_5\" class=\"panel-collapse collapse accordion_full\"><div class=\"speakers-wrapper\"><img decoding=\"async\" class=\"attachment-thumbnail size-thumbnail\" src=\"https:\/\/arthub.vn\/wp-content\/uploads\/2016\/05\/person2-150x150.jpg\" data-toggle=\"tooltip\"  data-placement=\"top\" title=\"Gerald Rednes\"><div class=\"default_venue\" data-toggle=\"tooltip\" data-placement=\"right\" title=\"Hue Old Town\"><\/div><\/div><p><\/p><div class=\"clear\"><\/div><div class=\"et_schedule_relatedimage\"><img decoding=\"async\" class=\"attachment-thumbnail chaykovskiy_eventime_schedule_sp_avatar_default\" src=\"https:\/\/arthub.vn\/wp-content\/uploads\/2016\/02\/countdown_bg-1-1024x500.jpg\"><\/div><\/div><div class=\"mini_gap\"><\/div><\/div><\/div><div class=\"item \"><div class=\"schedule_date \" style=\"visibility:visible;\">22<\/div><div class=\"schedule_month \" style=\"visibility:visible;\">Th\u00e1ng Ba<\/div><div class=\"mini_gap\"><\/div><div id=\"accordion_1_2\"><div class=\"panel\" style=\"visibility: visible;\"><a href=\"#et_entry_27_1_2_1\" data-parent=\"#accordion_1_1\" data-toggle=\"collapse\"><div class=\"accordion_left\"><div class=\"accordions_titles\"><p class=\"accordion_date\">9:30-11:30 a.m.<\/p><\/div><\/div><div class=\"accordion_right\"><div class=\"accordions_titles\"><div class=\"accordion_description\"><p>Strating Workshops - Basic designs goods<\/p><p class=\"name\">John Doe - CEO, Typocorp<\/p><\/div><\/div><\/div><\/a><\/div><div id=\"et_entry_27_1_2_1\" class=\"panel-collapse collapse accordion_full\"><div class=\"speakers-wrapper\"><img decoding=\"async\" class=\"attachment-thumbnail size-thumbnail\" src=\"https:\/\/arthub.vn\/wp-content\/uploads\/2016\/02\/oscar_w-1-150x150.jpg\" data-toggle=\"tooltip\"  data-placement=\"top\" title=\"Oscar Wideln\"><img decoding=\"async\" class=\"attachment-thumbnail size-thumbnail\" src=\"https:\/\/arthub.vn\/wp-content\/uploads\/2016\/02\/jack_d-1-150x150.jpg\" data-toggle=\"tooltip\"  data-placement=\"top\" title=\"Jack Daniels\"><div class=\"default_venue\" data-toggle=\"tooltip\" data-placement=\"right\" title=\"Red Hall\"><\/div><\/div><p>Workshops - By tradition workshop sessions at Design days conference aim to bring together users and experts in interactive, half-day sessions elaborating specific topics. DESIGN 2021 workshops will be organised to promote integration of different views, approaches and methods. Workshop coordinators could invite selected presentations and demonstrations in order to stimulate the debate as well as to propose any format of delivery that inspires interaction.\n\n<\/p><div class=\"clear\"><\/div><div class=\"et_schedule_relatedimage\"><img decoding=\"async\" class=\"attachment-thumbnail chaykovskiy_eventime_schedule_sp_avatar_default\" src=\"https:\/\/arthub.vn\/wp-content\/uploads\/2016\/05\/eventime_slider_main_3-1024x500.jpg\"><\/div><\/div><div class=\"mini_gap\"><\/div><div class=\"panel\" style=\"visibility: visible;\"><a href=\"#et_entry_27_1_2_2\" data-parent=\"#accordion_1_2\" data-toggle=\"collapse\"><div class=\"accordion_left\"><div class=\"accordions_titles_small\"><p class=\"accordion_date\">11:30-12:30 a.m.<\/p><\/div><\/div><div class=\"accordion_right\"><div class=\"accordions_titles_small\"><div class=\"accordion_description\"><p>Coffee break<\/p><\/div><\/div><\/div><\/a><\/div><div id=\"et_entry_27_1_2_2\" class=\"panel-collapse collapse accordion_full\"><div class=\"speakers-wrapper\"><div class=\"default_venue\" data-toggle=\"tooltip\" data-placement=\"right\" title=\"Summer Caffe\"><\/div><\/div><p><\/p><div class=\"clear\"><\/div><\/div><div class=\"mini_gap\"><\/div><div class=\"panel\" style=\"visibility: visible;\"><a href=\"#et_entry_27_1_2_3\" data-parent=\"#accordion_1_3\" data-toggle=\"collapse\"><div class=\"accordion_left\"><div class=\"accordions_titles_big\"><p class=\"accordion_date\">12:30-4:00 p.m.<\/p><\/div><\/div><div class=\"accordion_right\"><div class=\"accordions_titles_big\"><div class=\"accordion_description\"><p>Debate of Responcive Web Design<\/p><p class=\"name\">John Yang - CEO, Webapps corp. \/ Max Jordan - CEO, Wdesign Ltd.<\/p><\/div><\/div><\/div><\/a><\/div><div id=\"et_entry_27_1_2_3\" class=\"panel-collapse collapse accordion_full\"><div class=\"speakers-wrapper\"><img decoding=\"async\" class=\"attachment-thumbnail size-thumbnail\" src=\"https:\/\/arthub.vn\/wp-content\/uploads\/2016\/02\/featured_guest-1-150x150.jpg\" data-toggle=\"tooltip\"  data-placement=\"top\" title=\"Jeremy Crackevich\"><div class=\"default_venue\" data-toggle=\"tooltip\" data-placement=\"right\" title=\"Yellow Hall\"><\/div><\/div><p>The purpose of debate is to investigate in a forensic manner some key topics that affect the engineering design research community. Opponents and debate moderator will be distinguished key players in the community presenting evidence for or against a particular topic. \n<\/p><div class=\"clear\"><\/div><\/div><div class=\"mini_gap\"><\/div><div class=\"panel\" style=\"visibility: visible;\"><a href=\"#et_entry_27_1_2_4\" data-parent=\"#accordion_1_4\" data-toggle=\"collapse\"><div class=\"accordion_left\"><div class=\"accordions_titles\"><p class=\"accordion_date\">4:00-7:00 p.m.<\/p><\/div><\/div><div class=\"accordion_right\"><div class=\"accordions_titles\"><div class=\"accordion_description\"><p>Lunch and Comedy Club Event<\/p><p class=\"name\">Andrew Yang, John Verkovich, Alen Draks<\/p><\/div><\/div><\/div><\/a><\/div><div id=\"et_entry_27_1_2_4\" class=\"panel-collapse collapse accordion_full\"><div class=\"speakers-wrapper\"><div class=\"default_venue\" data-toggle=\"tooltip\" data-placement=\"right\" title=\"Black Hall\"><\/div><\/div><p>Relax time!<\/p><div class=\"clear\"><\/div><\/div><div class=\"mini_gap\"><\/div><\/div><\/div><div class=\"item \"><div class=\"schedule_date \" style=\"visibility:visible;\">23<\/div><div class=\"schedule_month \" style=\"visibility:visible;\">Th\u00e1ng Ba<\/div><div class=\"mini_gap\"><\/div><div id=\"accordion_1_3\"><div class=\"panel\" style=\"visibility: visible;\"><a href=\"#et_entry_27_1_3_1\" data-parent=\"#accordion_1_1\" data-toggle=\"collapse\"><div class=\"accordion_left\"><div class=\"accordions_titles\"><p class=\"accordion_date\">9:00-10:30 a.m.<\/p><\/div><\/div><div class=\"accordion_right\"><div class=\"accordions_titles\"><div class=\"accordion_description\"><p>The role of designer in service design processes<\/p><p class=\"name\">Jenifer Wong - Designer, Iker Comp.<\/p><\/div><\/div><\/div><\/a><\/div><div id=\"et_entry_27_1_3_1\" class=\"panel-collapse collapse accordion_full\"><div class=\"speakers-wrapper\"><img decoding=\"async\" class=\"attachment-thumbnail size-thumbnail\" src=\"https:\/\/arthub.vn\/wp-content\/uploads\/2016\/02\/kate_m-1-150x150.jpg\" data-toggle=\"tooltip\"  data-placement=\"top\" title=\"Kate Mouse\"><img decoding=\"async\" class=\"attachment-thumbnail size-thumbnail\" src=\"https:\/\/arthub.vn\/wp-content\/uploads\/2016\/02\/jenifer_d-1-150x150.jpg\" data-toggle=\"tooltip\"  data-placement=\"top\" title=\"Jenifer Modal Doe\"><img decoding=\"async\" class=\"attachment-thumbnail size-thumbnail\" src=\"https:\/\/arthub.vn\/wp-content\/uploads\/2016\/02\/jack_d-1-150x150.jpg\" data-toggle=\"tooltip\"  data-placement=\"top\" title=\"Jack Daniels\"><div class=\"default_venue\" data-toggle=\"tooltip\" data-placement=\"right\" title=\"Yellow Hall\"><\/div><\/div><p>Education as a model-designed service. E-services in the public sector. How to use the design process User Centered Design in design services?<\/p><div class=\"clear\"><\/div><div class=\"et_schedule_relatedimage\"><img decoding=\"async\" class=\"attachment-thumbnail chaykovskiy_eventime_schedule_sp_avatar_default\" src=\"https:\/\/arthub.vn\/wp-content\/uploads\/2016\/05\/eventime_video_cover-1024x500.jpg\"><\/div><\/div><div class=\"mini_gap\"><\/div><div class=\"panel\" style=\"visibility: visible;\"><a href=\"#et_entry_27_1_3_2\" data-parent=\"#accordion_1_2\" data-toggle=\"collapse\"><div class=\"accordion_left\"><div class=\"accordions_titles_big\"><p class=\"accordion_date\">10:30-2:00 p.m.<\/p><\/div><\/div><div class=\"accordion_right\"><div class=\"accordions_titles_big\"><div class=\"accordion_description\"><p>Students Design Forums<\/p><p class=\"name\">Spceial Guest- Mark Jacobsovich CEO, Comp Ltd.<\/p><\/div><\/div><\/div><\/a><\/div><div id=\"et_entry_27_1_3_2\" class=\"panel-collapse collapse accordion_full\"><div class=\"speakers-wrapper\"><img decoding=\"async\" class=\"attachment-thumbnail size-thumbnail\" src=\"https:\/\/arthub.vn\/wp-content\/uploads\/2016\/02\/oscar_w-1-150x150.jpg\" data-toggle=\"tooltip\"  data-placement=\"top\" title=\"Oscar Wideln\"><img decoding=\"async\" class=\"attachment-thumbnail size-thumbnail\" src=\"https:\/\/arthub.vn\/wp-content\/uploads\/2016\/02\/featured_guest-1-150x150.jpg\" data-toggle=\"tooltip\"  data-placement=\"top\" title=\"Jeremy Crackevich\"><div class=\"default_venue\" data-toggle=\"tooltip\" data-placement=\"right\" title=\"Red Hall\"><\/div><\/div><p>The forum will be a unique opportunity for younger researchers and PhD students to discuss their research questions and ideas with experienced researchers, practitioners and managers in order to facilitate their research efforts. The series of grouped presentations will be used to raise the questions and stimulate debate in a round table style.<\/p><div class=\"clear\"><\/div><\/div><div class=\"mini_gap\"><\/div><div class=\"panel\" style=\"visibility: visible;\"><a href=\"#et_entry_27_1_3_3\" data-parent=\"#accordion_1_3\" data-toggle=\"collapse\"><div class=\"accordion_left\"><div class=\"accordions_titles_small\"><p class=\"accordion_date\">2:00-3:00 p.m.<\/p><\/div><\/div><div class=\"accordion_right\"><div class=\"accordions_titles_small\"><div class=\"accordion_description\"><p>Coffee break<\/p><\/div><\/div><\/div><\/a><\/div><div id=\"et_entry_27_1_3_3\" class=\"panel-collapse collapse accordion_full\"><div class=\"speakers-wrapper\"><div class=\"default_venue\" data-toggle=\"tooltip\" data-placement=\"right\" title=\"Summer Cafe\"><\/div><\/div><p><\/p><div class=\"clear\"><\/div><\/div><div class=\"mini_gap\"><\/div><div class=\"panel\" style=\"visibility: visible;\"><a href=\"#et_entry_27_1_3_4\" data-parent=\"#accordion_1_4\" data-toggle=\"collapse\"><div class=\"accordion_left\"><div class=\"accordions_titles_small\"><p class=\"accordion_date\">3:00-5:00 p.m.<\/p><\/div><\/div><div class=\"accordion_right\"><div class=\"accordions_titles_small\"><div class=\"accordion_description\"><p>Closing of the conference<\/p><\/div><\/div><\/div><\/a><\/div><div id=\"et_entry_27_1_3_4\" class=\"panel-collapse collapse accordion_full\"><div class=\"speakers-wrapper\"><div class=\"default_venue\" data-toggle=\"tooltip\" data-placement=\"right\" title=\"Black Hall\"><\/div><\/div><p><\/p><div class=\"clear\"><\/div><div class=\"et_schedule_relatedimage\"><img decoding=\"async\" class=\"attachment-thumbnail chaykovskiy_eventime_schedule_sp_avatar_default\" src=\"https:\/\/arthub.vn\/wp-content\/uploads\/2016\/07\/evenitme_slider_2-1024x500.jpg\"><\/div><\/div><div class=\"mini_gap\"><\/div><\/div><\/div><div class=\"item \"><div class=\"schedule_date \" style=\"visibility:visible;\">24<\/div><div class=\"schedule_month \" style=\"visibility:visible;\">Th\u00e1ng Ba<\/div><div class=\"mini_gap\"><\/div><div id=\"accordion_1_4\"><div class=\"panel\" style=\"visibility: visible;\"><a href=\"#et_entry_27_1_4_1\" data-parent=\"#accordion_1_1\" data-toggle=\"collapse\"><div class=\"accordion_left\"><div class=\"accordions_titles\"><p class=\"accordion_date\">10:30-12:00 a.m.<\/p><\/div><\/div><div class=\"accordion_right\"><div class=\"accordions_titles\"><div class=\"accordion_description\"><p>After Party - Thematic sessions<\/p><p class=\"name\">Design thinking, Experiences of the Centre for Information Technology in the creation of e-services for the public sector.<\/p><\/div><\/div><\/div><\/a><\/div><div id=\"et_entry_27_1_4_1\" class=\"panel-collapse collapse accordion_full\"><div class=\"speakers-wrapper\"><img decoding=\"async\" class=\"attachment-thumbnail size-thumbnail\" src=\"https:\/\/arthub.vn\/wp-content\/uploads\/2016\/02\/kate_m-1-150x150.jpg\" data-toggle=\"tooltip\"  data-placement=\"top\" title=\"Kate Mouse\"><div class=\"default_venue\" data-toggle=\"tooltip\" data-placement=\"right\" title=\"Yellow Hall\"><\/div><\/div><p>How to build UX in the organization or what can be gained by working with designers.\n<\/p><div class=\"clear\"><\/div><\/div><div class=\"mini_gap\"><\/div><div class=\"panel\" style=\"visibility: visible;\"><a href=\"#et_entry_27_1_4_2\" data-parent=\"#accordion_1_2\" data-toggle=\"collapse\"><div class=\"accordion_left\"><div class=\"accordions_titles_small\"><p class=\"accordion_date\">12:00-1:00 p.m.<\/p><\/div><\/div><div class=\"accordion_right\"><div class=\"accordions_titles_small\"><div class=\"accordion_description\"><p>Lunch Break<\/p><\/div><\/div><\/div><\/a><\/div><div id=\"et_entry_27_1_4_2\" class=\"panel-collapse collapse accordion_full\"><div class=\"speakers-wrapper\"><div class=\"default_venue\" data-toggle=\"tooltip\" data-placement=\"right\" title=\"Red Hall\"><\/div><\/div><p><\/p><div class=\"clear\"><\/div><\/div><div class=\"mini_gap\"><\/div><div class=\"panel\" style=\"visibility: visible;\"><a href=\"#et_entry_27_1_4_3\" data-parent=\"#accordion_1_3\" data-toggle=\"collapse\"><div class=\"accordion_left\"><div class=\"accordions_titles_big\"><p class=\"accordion_date\">1:00-4:00 p.m.<\/p><\/div><\/div><div class=\"accordion_right\"><div class=\"accordions_titles_big\"><div class=\"accordion_description\"><p>Expositions with Coffee breaks<\/p><\/div><\/div><\/div><\/a><\/div><div id=\"et_entry_27_1_4_3\" class=\"panel-collapse collapse accordion_full\"><div class=\"speakers-wrapper\"><div class=\"default_venue\" data-toggle=\"tooltip\" data-placement=\"right\" title=\"Main Hall\"><\/div><\/div><p><\/p><div class=\"clear\"><\/div><\/div><div class=\"mini_gap\"><\/div><div class=\"panel\" style=\"visibility: visible;\"><a href=\"#et_entry_27_1_4_4\" data-parent=\"#accordion_1_4\" data-toggle=\"collapse\"><div class=\"accordion_left\"><div class=\"accordions_titles\"><p class=\"accordion_date\">3:00-5:00 p.m.<\/p><\/div><\/div><div class=\"accordion_right\"><div class=\"accordions_titles\"><div class=\"accordion_description\"><p>Design for you! Promotion and education of service design in Design Days Project.<\/p><\/div><\/div><\/div><\/a><\/div><div id=\"et_entry_27_1_4_4\" class=\"panel-collapse collapse accordion_full\"><div class=\"speakers-wrapper\"><div class=\"default_venue\" data-toggle=\"tooltip\" data-placement=\"right\" title=\"Black Hall\"><\/div><\/div><p><\/p><div class=\"clear\"><\/div><\/div><div class=\"mini_gap\"><\/div><\/div><\/div>\n        <a data-slide=\"prev\" href=\"#sh_carousel1\" class=\"left_arrow waypointAnimation animationType-fadeInLeft\">\n            <svg height=\"48\" width=\"26px\">\n                <polygon points=\"3.3,24.5 25.5,2.3 24,0.8 0.3,24.5 24,48.2 25.5,46.7\"\/>\n            <\/svg>\n        <\/a>\n        <a data-slide=\"next\" href=\"#sh_carousel1\" class=\"right_arrow waypointAnimation animationType-fadeInRight\">\n            <svg height=\"48\" width=\"26px\">\n                <polygon points=\"22.5,24.5 0.3,2.3 1.8,0.8 25.5,24.5 1.8,48.2 0.3,46.7\"\/>\n            <\/svg>\n        <\/a>\n        <\/div>\n    <\/div>\n    <\/div><\/div><\/div><\/div><\/div><div class=\"vc_row wpb_row vc_row-fluid et-vc-custom-styling-vc_row\"><div class=\"wpb_column vc_column_container vc_col-sm-12 et-vc-custom-styling-vc_column\"><div class=\"vc_column-inner\"><div class=\"wpb_wrapper\"><div class=\"et-row   et-apply-gradient\"><section class=\"vc_cta3-container\"><div class=\"vc_general vc_do_cta3 vc_cta3 vc_cta3-style-classic vc_cta3-shape-rounded vc_cta3-align-left vc_cta3-color-classic vc_cta3-icon-size-md vc_cta3-actions-right vc_custom_1601299611366\"><div class=\"vc_cta3_content-container\"><div class=\"vc_cta3-content\"><header class=\"vc_cta3-content-header\"><h2>Any problems?<\/h2><h4>Contact us 24h \/ 7 days<\/h4><\/header><p>We would be happy to help you<\/p>\n<\/div><div class=\"vc_cta3-actions\"><div class=\"vc_btn3-container  wpb_animate_when_almost_visible wpb_right-to-left right-to-left vc_btn3-inline vc_do_btn et-vc-custom-styling-vc_btn\" ><button class=\"vc_general vc_btn3 vc_btn3-size-md vc_btn3-shape-rounded vc_btn3-style-modern vc_btn3-icon-left vc_btn3-color-grey et-vc-custom-styling-vc_btn\"><i class=\"vc_btn3-icon fab fa-accessible-icon\"><\/i> Get free support<\/button><\/div><\/div><\/div><\/div><\/section><div class=\"clear\"><\/div><\/div><\/div><\/div><\/div><\/div>\n<\/div>","protected":false},"excerpt":{"rendered":"4 ng\u00e0y \/ 3 \u0111\u00eam - H\u00e0nh tr\u00ecnh Ngh\u1ec7 thu\u1eadt &amp; Di s\u1ea3n H\u00e0nh tr\u00ecnh Ngh\u1ec7 thu\u1eadt &amp; Di s\u1ea3n \u0111\u01b0\u1ee3c gi\u00e1m tuy\u1ec3n Tr\u1ea3i nghi\u1ec7m V\u0103n h\u00f3a Hu\u1ebf \u0110\u1ecba \u0111i\u1ec3m: Hu\u1ebf H\u00ecnh th\u1ee9c: Tr\u1ea3i nghi\u1ec7m gi\u00e1m tuy\u1ec3n theo nh\u00f3m nh\u1ecf Ch\u1ee7 \u0111\u1ec1: Ngh\u1ec7 thu\u1eadt \u2013 Di s\u1ea3n \u2013 Ngh\u1ec1 th\u1ee7 c\u00f4ng \u2013 \u0110\u1ea7m ph\u00e1 \u2013 [...]","protected":false},"author":2,"featured_media":0,"parent":0,"menu_order":0,"comment_status":"closed","ping_status":"closed","template":"fullwidth.php","meta":{"footnotes":""},"class_list":["post-544","page","type-page","status-publish","hentry",""],"_links":{"self":[{"href":"https:\/\/arthub.vn\/index.php\/wp-json\/wp\/v2\/pages\/544","targetHints":{"allow":["GET"]}}],"collection":[{"href":"https:\/\/arthub.vn\/index.php\/wp-json\/wp\/v2\/pages"}],"about":[{"href":"https:\/\/arthub.vn\/index.php\/wp-json\/wp\/v2\/types\/page"}],"author":[{"embeddable":true,"href":"https:\/\/arthub.vn\/index.php\/wp-json\/wp\/v2\/users\/2"}],"replies":[{"embeddable":true,"href":"https:\/\/arthub.vn\/index.php\/wp-json\/wp\/v2\/comments?post=544"}],"version-history":[{"count":2,"href":"https:\/\/arthub.vn\/index.php\/wp-json\/wp\/v2\/pages\/544\/revisions"}],"predecessor-version":[{"id":1683,"href":"https:\/\/arthub.vn\/index.php\/wp-json\/wp\/v2\/pages\/544\/revisions\/1683"}],"wp:attachment":[{"href":"https:\/\/arthub.vn\/index.php\/wp-json\/wp\/v2\/media?parent=544"}],"curies":[{"name":"wp","href":"https:\/\/api.w.org\/{rel}","templated":true}]}}